{"id":69,"date":"2019-12-06T19:08:44","date_gmt":"2019-12-06T19:08:44","guid":{"rendered":"https:\/\/www.le-blog-du-bol.fr\/?page_id=69"},"modified":"2024-06-24T10:15:46","modified_gmt":"2024-06-24T10:15:46","slug":"a-propos","status":"publish","type":"page","link":"https:\/\/le-bol.fr\/blog\/a-propos\/","title":{"rendered":"A propos"},"content":{"rendered":"\t\t<div data-elementor-type=\"wp-page\" data-elementor-id=\"69\" class=\"elementor elementor-69\" data-elementor-post-type=\"page\">\n\t\t\t\t\t\t<section class=\"elementor-section elementor-top-section elementor-element elementor-element-e99b154 elementor-section-boxed elementor-section-height-default elementor-section-height-default wpr-particle-no wpr-jarallax-no wpr-parallax-no wpr-sticky-section-no wpr-equal-height-no\" data-id=\"e99b154\" data-element_type=\"section\" data-e-type=\"section\" data-settings=\"{&quot;background_background&quot;:&quot;classic&quot;}\">\n\t\t\t\t\t\t<div class=\"elementor-container elementor-column-gap-default\">\n\t\t\t\t\t<div class=\"elementor-column elementor-col-100 elementor-top-column elementor-element elementor-element-148607d\" data-id=\"148607d\" data-element_type=\"column\" data-e-type=\"column\" data-settings=\"{&quot;background_background&quot;:&quot;classic&quot;}\">\n\t\t\t<div class=\"elementor-widget-wrap elementor-element-populated\">\n\t\t\t\t\t<div class=\"elementor-background-overlay\"><\/div>\n\t\t\t\t\t\t<section class=\"elementor-section elementor-inner-section elementor-element elementor-element-3e01dda elementor-section-boxed elementor-section-height-default elementor-section-height-default wpr-particle-no wpr-jarallax-no wpr-parallax-no wpr-sticky-section-no wpr-equal-height-no\" data-id=\"3e01dda\" data-element_type=\"section\" data-e-type=\"section\">\n\t\t\t\t\t\t<div class=\"elementor-container elementor-column-gap-default\">\n\t\t\t\t\t<div class=\"elementor-column elementor-col-50 elementor-inner-column elementor-element elementor-element-303daa3\" data-id=\"303daa3\" data-element_type=\"column\" data-e-type=\"column\">\n\t\t\t<div class=\"elementor-widget-wrap elementor-element-populated\">\n\t\t\t\t\t\t<div class=\"elementor-element elementor-element-b8065c8 elementor-widget elementor-widget-heading\" data-id=\"b8065c8\" data-element_type=\"widget\" data-e-type=\"widget\" data-widget_type=\"heading.default\">\n\t\t\t\t<div class=\"elementor-widget-container\">\n\t\t\t\t\t<h1 class=\"elementor-heading-title elementor-size-default\">L'ESPOIR QUI SOMMEILLE EN NOUS<\/h1>\t\t\t\t<\/div>\n\t\t\t\t<\/div>\n\t\t\t\t<div class=\"elementor-element elementor-element-dabdbce elementor-widget elementor-widget-text-editor\" data-id=\"dabdbce\" data-element_type=\"widget\" data-e-type=\"widget\" data-widget_type=\"text-editor.default\">\n\t\t\t\t<div class=\"elementor-widget-container\">\n\t\t\t\t\t\t\t\t\t<p dir=\"ltr\">On a tous des projets qui sommeillent en nous. On se dit: \u00ab Un jour, j&rsquo;apprendrai \u00e0 jouer de la guitare. \u00bb Ou \u00ab Un jour, je quitterai ce boulot pour ouvrir le restaurant de mes r\u00eaves \u00bb. Vous avez forc\u00e9ment ce genre de r\u00eaves en t\u00eate, qui ressurgissent pendant les vacances ou lorsque vous vous laissez aller \u00e0 imaginer votre futur. Entre m\u00e9tro, boulot, dodo, le temps passe trop vite et il est difficile de prendre ces projets au s\u00e9rieux&#8230;<\/p><p dir=\"ltr\">Mon projet \u00e0 moi \u00e9tait de vivre en cr\u00e9ant de beaux objets avec mes mains.\u00a0 J&rsquo;ai toujours aim\u00e9 la cr\u00e9ation et les belles choses.\u00a0<\/p>\t\t\t\t\t\t\t\t<\/div>\n\t\t\t\t<\/div>\n\t\t\t\t\t<\/div>\n\t\t<\/div>\n\t\t\t\t<div class=\"elementor-column elementor-col-50 elementor-inner-column elementor-element elementor-element-6a1e550\" data-id=\"6a1e550\" data-element_type=\"column\" data-e-type=\"column\">\n\t\t\t<div class=\"elementor-widget-wrap elementor-element-populated\">\n\t\t\t\t\t\t<div class=\"elementor-element elementor-element-6518ff2 elementor-widget elementor-widget-image\" data-id=\"6518ff2\" data-element_type=\"widget\" data-e-type=\"widget\" data-widget_type=\"image.default\">\n\t\t\t\t<div class=\"elementor-widget-container\">\n\t\t\t\t\t\t\t\t\t\t\t\t\t\t\t<img fetchpriority=\"high\" decoding=\"async\" width=\"498\" height=\"667\" src=\"https:\/\/le-bol.fr\/blog\/wp-content\/uploads\/2023\/08\/qui-est-sarah.jpg\" class=\"attachment-large size-large wp-image-10867\" alt=\"\" srcset=\"https:\/\/le-bol.fr\/blog\/wp-content\/uploads\/2023\/08\/qui-est-sarah.jpg 498w, https:\/\/le-bol.fr\/blog\/wp-content\/uploads\/2023\/08\/qui-est-sarah-224x300.jpg 224w\" sizes=\"(max-width: 498px) 100vw, 498px\" \/>\t\t\t\t\t\t\t\t\t\t\t\t\t\t\t<\/div>\n\t\t\t\t<\/div>\n\t\t\t\t\t<\/div>\n\t\t<\/div>\n\t\t\t\t\t<\/div>\n\t\t<\/section>\n\t\t\t\t\t<\/div>\n\t\t<\/div>\n\t\t\t\t\t<\/div>\n\t\t<\/section>\n\t\t\t\t<section class=\"elementor-section elementor-top-section elementor-element elementor-element-29eb736 elementor-section-boxed elementor-section-height-default elementor-section-height-default wpr-particle-no wpr-jarallax-no wpr-parallax-no wpr-sticky-section-no wpr-equal-height-no\" data-id=\"29eb736\" data-element_type=\"section\" data-e-type=\"section\">\n\t\t\t\t\t\t<div class=\"elementor-container elementor-column-gap-default\">\n\t\t\t\t\t<div class=\"elementor-column elementor-col-100 elementor-top-column elementor-element elementor-element-064aaba\" data-id=\"064aaba\" data-element_type=\"column\" data-e-type=\"column\">\n\t\t\t<div class=\"elementor-widget-wrap elementor-element-populated\">\n\t\t\t\t\t\t<div class=\"elementor-element elementor-element-86b66d5 elementor-widget elementor-widget-text-editor\" data-id=\"86b66d5\" data-element_type=\"widget\" data-e-type=\"widget\" data-widget_type=\"text-editor.default\">\n\t\t\t\t<div class=\"elementor-widget-container\">\n\t\t\t\t\t\t\t\t\t<h2 dir=\"ltr\">ET PUIS UN JOUR &#8230;<\/h2><p>j&rsquo;ai d\u00e9cid\u00e9 de prendre cette envie vraiment au s\u00e9rieux. \u00c0 ce moment-l\u00e0, mes conditions de vie me l&rsquo;ont permis : un nouveau boulot moins chronophage, une maison \u00e0 la campagne et quelques \u00e9conomies.\u00a0 J&rsquo;avais les bases de cours de poterie, de quelques stages men\u00e9s sans r\u00e9gularit\u00e9 mais avec enthousiasme. J&rsquo;avais envie de passer ce cap o\u00f9 je me sentais frustr\u00e9e de ne pouvoir tourner plus. Forc\u00e9ment, quand on n&rsquo;a pas de mat\u00e9riel \u00e0 la maison, difficile d&rsquo;assouvir notre envie de poterie. J&rsquo;ai donc investi dans un tour de potier, puis dans un four et je me suis oblig\u00e9e \u00e0 travailler r\u00e9guli\u00e8rement la terre, \u00e0 suivre de nombreux stages, puis \u00e0 passer le CAP.<\/p><h2 dir=\"ltr\">CERTES,<\/h2><p>la premi\u00e8re terre que je me suis achet\u00e9e a \u00e9t\u00e9 de la porcelaine blanche (autant vous dire que j&rsquo;ai fait choux blanc : pour un d\u00e9butant cette terre n&rsquo;est pas la plus adapt\u00e9e)&#8230;<\/p><p>Certes, il m&rsquo;a fallu plusieurs mois pour bien centrer&#8230; Mais petit \u00e0 petit j&rsquo;ai progress\u00e9, toujours un petit peu plus fi\u00e8re de mes derni\u00e8res cr\u00e9ations.<\/p><p>J&rsquo;ai multipli\u00e9 les stages courts et longs, rencontr\u00e9 diff\u00e9rents c\u00e9ramistes, achet\u00e9 de nombreux livres. Le fait d&rsquo;avoir le mat\u00e9riel \u00e0 la maison m&rsquo;a permis d&rsquo;augmenter ma pratique, de me l\u00e2cher au niveau cr\u00e9atif mais restait un gros morceau: la technique !\u00a0 Ma\u00eetriser le tournage, les d\u00e9cors et les cuissons,m&rsquo;a demand\u00e9 du temps, beaucoup de temps. La c\u00e9ramique est un artisanat d&rsquo;art.<\/p><h2 dir=\"ltr\">POURQUOI CE BLOG ?<\/h2><p>Ce blog est n\u00e9 de l&rsquo;envie simple de partager cet apprentissage avec tous les d\u00e9butants et amateurs dans ma situation. Il est le recueil de mon apprentissage.<\/p><p>J&rsquo;y ai partag\u00e9 ma vision encore na\u00efve de la poterie qui a \u00e9volu\u00e9 au fur et \u00e0 mesure des ann\u00e9es. Aujourd&rsquo;hui, ce blog, ce n&rsquo;est pas seulement moi, mais regroupe le point de vue d&rsquo;autres c\u00e9ramistes. L&rsquo;union fait la force. C&rsquo;est en ouvrant les portes de notre savoir que nous pourrons promouvoir la c\u00e9ramique au-devant de la sc\u00e8ne. J&rsquo;esp\u00e8re par-dessus tout que ce blog vous rend service et peut-\u00eatre m\u00eame, qu&rsquo;il vous incite\u00a0\u00e0 poursuivre cet espoir qui sommeille en vous !<\/p><p><strong>Sarah<\/strong><\/p>\t\t\t\t\t\t\t\t<\/div>\n\t\t\t\t<\/div>\n\t\t\t\t<div class=\"elementor-element elementor-element-395d0a8 elementor-widget elementor-widget-video\" data-id=\"395d0a8\" data-element_type=\"widget\" data-e-type=\"widget\" data-settings=\"{&quot;youtube_url&quot;:&quot;https:\\\/\\\/www.youtube.com\\\/watch?v=HgcwOKssjZ4&quot;,&quot;video_type&quot;:&quot;youtube&quot;,&quot;controls&quot;:&quot;yes&quot;}\" data-widget_type=\"video.default\">\n\t\t\t\t<div class=\"elementor-widget-container\">\n\t\t\t\t\t\t\t<div class=\"elementor-wrapper elementor-open-inline\">\n\t\t\t<div class=\"elementor-video\"><\/div>\t\t<\/div>\n\t\t\t\t\t\t<\/div>\n\t\t\t\t<\/div>\n\t\t\t\t\t<\/div>\n\t\t<\/div>\n\t\t\t\t\t<\/div>\n\t\t<\/section>\n\t\t\t\t<\/div>\n\t\t<p><a href=\"\/\/www.pinterest.com\/pin\/create\/button\/\" data-pin-do=\"buttonBookmark\" data-pin-color=\"red\" data-pin-height=\"128\"><img decoding=\"async\" src=\"\/\/assets.pinterest.com\/images\/pidgets\/pinit_fg_en_rect_red_28.png\" \/><\/a><\/p>","protected":false},"excerpt":{"rendered":"<p>L&rsquo;ESPOIR QUI SOMMEILLE EN NOUS On a tous des projets qui sommeillent en nous. On se dit: \u00ab Un jour, j&rsquo;apprendrai \u00e0 jouer de la guitare. \u00bb Ou \u00ab Un jour, je quitterai ce boulot pour ouvrir le restaurant de mes r\u00eaves \u00bb. Vous avez forc\u00e9ment ce genre de r\u00eaves en t\u00eate, qui ressurgissent pendant les vacances ou lorsque vous vous laissez aller \u00e0 imaginer votre futur. Entre m\u00e9tro, boulot, dodo, le temps passe trop vite et il est difficile de prendre ces projets au s\u00e9rieux&#8230; Mon projet \u00e0 moi \u00e9tait de vivre en cr\u00e9ant de beaux objets avec mes mains.\u00a0 J&rsquo;ai toujours aim\u00e9 la cr\u00e9ation et les belles choses.\u00a0 ET PUIS UN JOUR &#8230; j&rsquo;ai d\u00e9cid\u00e9 de prendre cette envie vraiment au s\u00e9rieux. \u00c0 ce moment-l\u00e0, mes conditions de vie me l&rsquo;ont permis : un nouveau boulot moins chronophage, une maison \u00e0 la campagne et quelques \u00e9conomies.\u00a0 J&rsquo;avais les bases de cours de poterie, de quelques stages men\u00e9s sans r\u00e9gularit\u00e9 mais avec enthousiasme. J&rsquo;avais envie de passer ce cap o\u00f9 je me sentais frustr\u00e9e de ne pouvoir tourner plus. Forc\u00e9ment, quand on n&rsquo;a pas de mat\u00e9riel \u00e0 la maison, difficile d&rsquo;assouvir notre envie de poterie. J&rsquo;ai donc investi dans un tour de potier, puis dans un four et je me suis oblig\u00e9e \u00e0 travailler r\u00e9guli\u00e8rement la terre, \u00e0 suivre de nombreux stages, puis \u00e0 passer le CAP. CERTES, la premi\u00e8re terre que je me suis achet\u00e9e a \u00e9t\u00e9 de la porcelaine blanche (autant vous dire que j&rsquo;ai fait choux blanc : pour un d\u00e9butant cette terre n&rsquo;est pas la plus adapt\u00e9e)&#8230; Certes, il m&rsquo;a fallu plusieurs mois pour bien centrer&#8230; Mais petit \u00e0 petit j&rsquo;ai progress\u00e9, toujours un petit peu plus fi\u00e8re de mes derni\u00e8res cr\u00e9ations. J&rsquo;ai multipli\u00e9 les stages courts et longs, rencontr\u00e9 diff\u00e9rents c\u00e9ramistes, achet\u00e9 de nombreux livres. Le fait d&rsquo;avoir le mat\u00e9riel \u00e0 la maison m&rsquo;a permis d&rsquo;augmenter ma pratique, de me l\u00e2cher au niveau cr\u00e9atif mais restait un gros morceau: la technique !\u00a0 Ma\u00eetriser le tournage, les d\u00e9cors et les cuissons,m&rsquo;a demand\u00e9 du temps, beaucoup de temps. La c\u00e9ramique est un artisanat d&rsquo;art. POURQUOI CE BLOG ? Ce blog est n\u00e9 de l&rsquo;envie simple de partager cet apprentissage avec tous les d\u00e9butants et amateurs dans ma situation. Il est le recueil de mon apprentissage. J&rsquo;y ai partag\u00e9 ma vision encore na\u00efve de la poterie qui a \u00e9volu\u00e9 au fur et \u00e0 mesure des ann\u00e9es. Aujourd&rsquo;hui, ce blog, ce n&rsquo;est pas seulement moi, mais regroupe le point de vue d&rsquo;autres c\u00e9ramistes. L&rsquo;union fait la force. C&rsquo;est en ouvrant les portes de notre savoir que nous pourrons promouvoir la c\u00e9ramique au-devant de la sc\u00e8ne. J&rsquo;esp\u00e8re par-dessus tout que ce blog vous rend service et peut-\u00eatre m\u00eame, qu&rsquo;il vous incite\u00a0\u00e0 poursuivre cet espoir qui sommeille en vous ! Sarah https:\/\/www.youtube.com\/watch?v=HgcwOKssjZ4<\/p>\n","protected":false},"author":1,"featured_media":0,"parent":0,"menu_order":0,"comment_status":"closed","ping_status":"closed","template":"","meta":{"_uag_custom_page_level_css":"","_lmt_disableupdate":"","_lmt_disable":"","footnotes":""},"class_list":["post-69","page","type-page","status-publish","hentry"],"yoast_head":"<!-- This site is optimized with the Yoast SEO plugin v26.8 - https:\/\/yoast.com\/product\/yoast-seo-wordpress\/ -->\n<title>A propos &#8211; LE BLOG DU BOL<\/title>\n<meta name=\"description\" content=\"Je m&#039;appelle Sarah et je suis la blogueuse du Bol. Je vous raconte comment j&#039;ai d\u00e9cid\u00e9 de changer de vie et de tenter l&#039;aventure de la poterie!\" \/>\n<meta name=\"robots\" content=\"index, follow, max-snippet:-1, max-image-preview:large, max-video-preview:-1\" \/>\n<link rel=\"canonical\" href=\"https:\/\/le-bol.fr\/blog\/a-propos\/\" \/>\n<meta property=\"og:locale\" content=\"fr_FR\" \/>\n<meta property=\"og:type\" content=\"article\" \/>\n<meta property=\"og:title\" content=\"A propos &#8211; LE BLOG DU BOL\" \/>\n<meta property=\"og:description\" content=\"Je m&#039;appelle Sarah et je suis la blogueuse du Bol. Je vous raconte comment j&#039;ai d\u00e9cid\u00e9 de changer de vie et de tenter l&#039;aventure de la poterie!\" \/>\n<meta property=\"og:url\" content=\"https:\/\/le-bol.fr\/blog\/a-propos\/\" \/>\n<meta property=\"og:site_name\" content=\"LE BLOG DU BOL\" \/>\n<meta property=\"article:modified_time\" content=\"2024-06-24T10:15:46+00:00\" \/>\n<meta property=\"og:image\" content=\"http:\/\/www.le-blog-du-bol.fr\/wp-content\/uploads\/2023\/08\/qui-est-sarah.jpg\" \/>\n<meta name=\"twitter:card\" content=\"summary_large_image\" \/>\n<script type=\"application\/ld+json\" class=\"yoast-schema-graph\">{\"@context\":\"https:\/\/schema.org\",\"@graph\":[{\"@type\":\"WebPage\",\"@id\":\"https:\/\/le-bol.fr\/blog\/a-propos\/\",\"url\":\"https:\/\/le-bol.fr\/blog\/a-propos\/\",\"name\":\"A propos &#8211; LE BLOG DU BOL\",\"isPartOf\":{\"@id\":\"https:\/\/le-bol.fr\/blog\/#website\"},\"primaryImageOfPage\":{\"@id\":\"https:\/\/le-bol.fr\/blog\/a-propos\/#primaryimage\"},\"image\":{\"@id\":\"https:\/\/le-bol.fr\/blog\/a-propos\/#primaryimage\"},\"thumbnailUrl\":\"https:\/\/le-bol.fr\/blog\/wp-content\/uploads\/2023\/08\/qui-est-sarah.jpg\",\"datePublished\":\"2019-12-06T19:08:44+00:00\",\"dateModified\":\"2024-06-24T10:15:46+00:00\",\"description\":\"Je m'appelle Sarah et je suis la blogueuse du Bol. Je vous raconte comment j'ai d\u00e9cid\u00e9 de changer de vie et de tenter l'aventure de la poterie!\",\"breadcrumb\":{\"@id\":\"https:\/\/le-bol.fr\/blog\/a-propos\/#breadcrumb\"},\"inLanguage\":\"fr-FR\",\"potentialAction\":[{\"@type\":\"ReadAction\",\"target\":[\"https:\/\/le-bol.fr\/blog\/a-propos\/\"]}]},{\"@type\":\"ImageObject\",\"inLanguage\":\"fr-FR\",\"@id\":\"https:\/\/le-bol.fr\/blog\/a-propos\/#primaryimage\",\"url\":\"https:\/\/le-bol.fr\/blog\/wp-content\/uploads\/2023\/08\/qui-est-sarah.jpg\",\"contentUrl\":\"https:\/\/le-bol.fr\/blog\/wp-content\/uploads\/2023\/08\/qui-est-sarah.jpg\",\"width\":498,\"height\":667},{\"@type\":\"BreadcrumbList\",\"@id\":\"https:\/\/le-bol.fr\/blog\/a-propos\/#breadcrumb\",\"itemListElement\":[{\"@type\":\"ListItem\",\"position\":1,\"name\":\"Accueil\",\"item\":\"https:\/\/le-bol.fr\/blog\/\"},{\"@type\":\"ListItem\",\"position\":2,\"name\":\"A propos\"}]},{\"@type\":\"WebSite\",\"@id\":\"https:\/\/le-bol.fr\/blog\/#website\",\"url\":\"https:\/\/le-bol.fr\/blog\/\",\"name\":\"LE BLOG DU BOL\",\"description\":\"Donne vie \u00e0 la terre\",\"publisher\":{\"@id\":\"https:\/\/le-bol.fr\/blog\/#\/schema\/person\/cec6a4af61408f0dc6d97d58e0334d9b\"},\"potentialAction\":[{\"@type\":\"SearchAction\",\"target\":{\"@type\":\"EntryPoint\",\"urlTemplate\":\"https:\/\/le-bol.fr\/blog\/?s={search_term_string}\"},\"query-input\":{\"@type\":\"PropertyValueSpecification\",\"valueRequired\":true,\"valueName\":\"search_term_string\"}}],\"inLanguage\":\"fr-FR\"},{\"@type\":[\"Person\",\"Organization\"],\"@id\":\"https:\/\/le-bol.fr\/blog\/#\/schema\/person\/cec6a4af61408f0dc6d97d58e0334d9b\",\"name\":\"Sarah\",\"image\":{\"@type\":\"ImageObject\",\"inLanguage\":\"fr-FR\",\"@id\":\"https:\/\/le-bol.fr\/blog\/#\/schema\/person\/image\/\",\"url\":\"https:\/\/le-bol.fr\/blog\/wp-content\/uploads\/2023\/08\/logo-lebol.png\",\"contentUrl\":\"https:\/\/le-bol.fr\/blog\/wp-content\/uploads\/2023\/08\/logo-lebol.png\",\"width\":1067,\"height\":1071,\"caption\":\"Sarah\"},\"logo\":{\"@id\":\"https:\/\/le-bol.fr\/blog\/#\/schema\/person\/image\/\"},\"description\":\"Passionn\u00e9e du tournage de poterie, je me suis donn\u00e9 un objectif : vivre de ma passion! Ce blog a pour but de partager avec vous mes recherches, mes r\u00e9alisations, mes \u00e9checs et mes r\u00e9ussites. Bienvenue!\",\"sameAs\":[\"https:\/\/le-bol.fr\/blog\/\"]}]}<\/script>\n<!-- \/ Yoast SEO plugin. -->","yoast_head_json":{"title":"A propos &#8211; LE BLOG DU BOL","description":"Je m'appelle Sarah et je suis la blogueuse du Bol. Je vous raconte comment j'ai d\u00e9cid\u00e9 de changer de vie et de tenter l'aventure de la poterie!","robots":{"index":"index","follow":"follow","max-snippet":"max-snippet:-1","max-image-preview":"max-image-preview:large","max-video-preview":"max-video-preview:-1"},"canonical":"https:\/\/le-bol.fr\/blog\/a-propos\/","og_locale":"fr_FR","og_type":"article","og_title":"A propos &#8211; LE BLOG DU BOL","og_description":"Je m'appelle Sarah et je suis la blogueuse du Bol. Je vous raconte comment j'ai d\u00e9cid\u00e9 de changer de vie et de tenter l'aventure de la poterie!","og_url":"https:\/\/le-bol.fr\/blog\/a-propos\/","og_site_name":"LE BLOG DU BOL","article_modified_time":"2024-06-24T10:15:46+00:00","og_image":[{"url":"http:\/\/www.le-blog-du-bol.fr\/wp-content\/uploads\/2023\/08\/qui-est-sarah.jpg","type":"","width":"","height":""}],"twitter_card":"summary_large_image","schema":{"@context":"https:\/\/schema.org","@graph":[{"@type":"WebPage","@id":"https:\/\/le-bol.fr\/blog\/a-propos\/","url":"https:\/\/le-bol.fr\/blog\/a-propos\/","name":"A propos &#8211; LE BLOG DU BOL","isPartOf":{"@id":"https:\/\/le-bol.fr\/blog\/#website"},"primaryImageOfPage":{"@id":"https:\/\/le-bol.fr\/blog\/a-propos\/#primaryimage"},"image":{"@id":"https:\/\/le-bol.fr\/blog\/a-propos\/#primaryimage"},"thumbnailUrl":"https:\/\/le-bol.fr\/blog\/wp-content\/uploads\/2023\/08\/qui-est-sarah.jpg","datePublished":"2019-12-06T19:08:44+00:00","dateModified":"2024-06-24T10:15:46+00:00","description":"Je m'appelle Sarah et je suis la blogueuse du Bol. Je vous raconte comment j'ai d\u00e9cid\u00e9 de changer de vie et de tenter l'aventure de la poterie!","breadcrumb":{"@id":"https:\/\/le-bol.fr\/blog\/a-propos\/#breadcrumb"},"inLanguage":"fr-FR","potentialAction":[{"@type":"ReadAction","target":["https:\/\/le-bol.fr\/blog\/a-propos\/"]}]},{"@type":"ImageObject","inLanguage":"fr-FR","@id":"https:\/\/le-bol.fr\/blog\/a-propos\/#primaryimage","url":"https:\/\/le-bol.fr\/blog\/wp-content\/uploads\/2023\/08\/qui-est-sarah.jpg","contentUrl":"https:\/\/le-bol.fr\/blog\/wp-content\/uploads\/2023\/08\/qui-est-sarah.jpg","width":498,"height":667},{"@type":"BreadcrumbList","@id":"https:\/\/le-bol.fr\/blog\/a-propos\/#breadcrumb","itemListElement":[{"@type":"ListItem","position":1,"name":"Accueil","item":"https:\/\/le-bol.fr\/blog\/"},{"@type":"ListItem","position":2,"name":"A propos"}]},{"@type":"WebSite","@id":"https:\/\/le-bol.fr\/blog\/#website","url":"https:\/\/le-bol.fr\/blog\/","name":"LE BLOG DU BOL","description":"Donne vie \u00e0 la terre","publisher":{"@id":"https:\/\/le-bol.fr\/blog\/#\/schema\/person\/cec6a4af61408f0dc6d97d58e0334d9b"},"potentialAction":[{"@type":"SearchAction","target":{"@type":"EntryPoint","urlTemplate":"https:\/\/le-bol.fr\/blog\/?s={search_term_string}"},"query-input":{"@type":"PropertyValueSpecification","valueRequired":true,"valueName":"search_term_string"}}],"inLanguage":"fr-FR"},{"@type":["Person","Organization"],"@id":"https:\/\/le-bol.fr\/blog\/#\/schema\/person\/cec6a4af61408f0dc6d97d58e0334d9b","name":"Sarah","image":{"@type":"ImageObject","inLanguage":"fr-FR","@id":"https:\/\/le-bol.fr\/blog\/#\/schema\/person\/image\/","url":"https:\/\/le-bol.fr\/blog\/wp-content\/uploads\/2023\/08\/logo-lebol.png","contentUrl":"https:\/\/le-bol.fr\/blog\/wp-content\/uploads\/2023\/08\/logo-lebol.png","width":1067,"height":1071,"caption":"Sarah"},"logo":{"@id":"https:\/\/le-bol.fr\/blog\/#\/schema\/person\/image\/"},"description":"Passionn\u00e9e du tournage de poterie, je me suis donn\u00e9 un objectif : vivre de ma passion! Ce blog a pour but de partager avec vous mes recherches, mes r\u00e9alisations, mes \u00e9checs et mes r\u00e9ussites. Bienvenue!","sameAs":["https:\/\/le-bol.fr\/blog\/"]}]}},"uagb_featured_image_src":{"full":false,"thumbnail":false,"medium":false,"medium_large":false,"large":false,"1536x1536":false,"2048x2048":false},"uagb_author_info":{"display_name":"Sarah","author_link":"https:\/\/le-bol.fr\/blog\/author\/lebol47310\/"},"uagb_comment_info":0,"uagb_excerpt":"L&rsquo;ESPOIR QUI SOMMEILLE EN NOUS On a tous des projets qui sommeillent en nous. On se dit: \u00ab Un jour, j&rsquo;apprendrai \u00e0 jouer de la guitare. \u00bb Ou \u00ab Un jour, je quitterai ce boulot pour ouvrir le restaurant de mes r\u00eaves \u00bb. Vous avez forc\u00e9ment ce genre de r\u00eaves en t\u00eate, qui ressurgissent pendant\u2026","acf":[],"_links":{"self":[{"href":"https:\/\/le-bol.fr\/blog\/wp-json\/wp\/v2\/pages\/69","targetHints":{"allow":["GET"]}}],"collection":[{"href":"https:\/\/le-bol.fr\/blog\/wp-json\/wp\/v2\/pages"}],"about":[{"href":"https:\/\/le-bol.fr\/blog\/wp-json\/wp\/v2\/types\/page"}],"author":[{"embeddable":true,"href":"https:\/\/le-bol.fr\/blog\/wp-json\/wp\/v2\/users\/1"}],"replies":[{"embeddable":true,"href":"https:\/\/le-bol.fr\/blog\/wp-json\/wp\/v2\/comments?post=69"}],"version-history":[{"count":59,"href":"https:\/\/le-bol.fr\/blog\/wp-json\/wp\/v2\/pages\/69\/revisions"}],"predecessor-version":[{"id":14787,"href":"https:\/\/le-bol.fr\/blog\/wp-json\/wp\/v2\/pages\/69\/revisions\/14787"}],"wp:attachment":[{"href":"https:\/\/le-bol.fr\/blog\/wp-json\/wp\/v2\/media?parent=69"}],"curies":[{"name":"wp","href":"https:\/\/api.w.org\/{rel}","templated":true}]}}